{"version":"1.0","provider_name":"Royal Forestry Society of Belgium","provider_url":"https:\/\/srfb.be\/en","author_name":"C\u00e9dric Staes","author_url":"https:\/\/srfb.be\/en\/author\/cedric-staessrfb-kbbm-be\/","title":"Du bouleau sur la planche - Soci\u00e9t\u00e9 Royale Foresti\u00e8re de Belgique","type":"rich","width":600,"height":338,"html":"<blockquote class=\"wp-embedded-content\" data-secret=\"YKpNFk3GKX\"><a href=\"https:\/\/srfb.be\/en\/formations\/du-bouleau-sur-la-planche-09-06-2026\/\">Birch on the board<\/a><\/blockquote><iframe sandbox=\"allow-scripts\" security=\"restricted\" src=\"https:\/\/srfb.be\/en\/formations\/du-bouleau-sur-la-planche-09-06-2026\/embed\/#?secret=YKpNFk3GKX\" width=\"600\" height=\"338\" title=\"&#8220;Du bouleau sur la planche&#8221; &#8212; Soci\u00e9t\u00e9 Royale Foresti\u00e8re de Belgique\" data-secret=\"YKpNFk3GKX\" frameborder=\"0\" marginwidth=\"0\" marginheight=\"0\" scrolling=\"no\" class=\"wp-embedded-content\"><\/iframe><script type=\"text\/javascript\">\n\/* <![CDATA[ *\/\n\/*! This file is auto-generated *\/\n!function(d,l){\"use strict\";l.querySelector&&d.addEventListener&&\"undefined\"!=typeof URL&&(d.wp=d.wp||{},d.wp.receiveEmbedMessage||(d.wp.receiveEmbedMessage=function(e){var t=e.data;if((t||t.secret||t.message||t.value)&&!\/[^a-zA-Z0-9]\/.test(t.secret)){for(var s,r,n,a=l.querySelectorAll('iframe[data-secret=\"'+t.secret+'\"]'),o=l.querySelectorAll('blockquote[data-secret=\"'+t.secret+'\"]'),c=new RegExp(\"^https?:$\",\"i\"),i=0;i<o.length;i++)o[i].style.display=\"none\";for(i=0;i<a.length;i++)s=a[i],e.source===s.contentWindow&&(s.removeAttribute(\"style\"),\"height\"===t.message?(1e3<(r=parseInt(t.value,10))?r=1e3:~~r<200&&(r=200),s.height=r):\"link\"===t.message&&(r=new URL(s.getAttribute(\"src\")),n=new URL(t.value),c.test(n.protocol))&&n.host===r.host&&l.activeElement===s&&(d.top.location.href=t.value))}},d.addEventListener(\"message\",d.wp.receiveEmbedMessage,!1),l.addEventListener(\"DOMContentLoaded\",function(){for(var e,t,s=l.querySelectorAll(\"iframe.wp-embedded-content\"),r=0;r<s.length;r++)(t=(e=s[r]).getAttribute(\"data-secret\"))||(t=Math.random().toString(36).substring(2,12),e.src+=\"#?secret=\"+t,e.setAttribute(\"data-secret\",t)),e.contentWindow.postMessage({message:\"ready\",secret:t},\"*\")},!1)))}(window,document);\n\/\/# sourceURL=https:\/\/srfb.be\/wp-includes\/js\/wp-embed.min.js\n\/* ]]> *\/\n<\/script>","thumbnail_url":"https:\/\/srfb.be\/wp-content\/uploads\/2026\/04\/buche.jpeg","thumbnail_width":1500,"thumbnail_height":837,"description":"Objectif Le bouleau est une essence de plus en plus pr\u00e9sente en for\u00eat et la question de sa valorisation en bois d\u2019\u0153uvre suscite de plus en plus d\u2019int\u00e9r\u00eat. Dans le cadre du projet W.A.V.E., diff\u00e9rents tests technologiques sont r\u00e9alis\u00e9s par l\u2019Uli\u00e8ge (Gembloux Agro-Biotech) au sein du LTB (Laboratoire de technologie du bois) afin d\u2019\u00e9valuer le... Read More"}