{"version":"1.0","provider_name":"Royal Forestry Society of Belgium","provider_url":"https:\/\/srfb.be\/en","author_name":"C\u00e9dric Staes","author_url":"https:\/\/srfb.be\/en\/author\/cedric-staessrfb-kbbm-be\/","title":"Photographier la for\u00eat en for\u00eat - Soci\u00e9t\u00e9 Royale Foresti\u00e8re de Belgique","type":"rich","width":600,"height":338,"html":"<blockquote class=\"wp-embedded-content\" data-secret=\"0SRb51Wy8K\"><a href=\"https:\/\/srfb.be\/en\/forest-shop\/photographier-la-foret-en-foret\/\">Photographing the forest<\/a><\/blockquote><iframe sandbox=\"allow-scripts\" security=\"restricted\" src=\"https:\/\/srfb.be\/en\/forest-shop\/photographier-la-foret-en-foret\/embed\/#?secret=0SRb51Wy8K\" width=\"600\" height=\"338\" title=\"&#8220;Photographier la for\u00eat en for\u00eat&#8221; &#8212; Soci\u00e9t\u00e9 Royale Foresti\u00e8re de Belgique\" data-secret=\"0SRb51Wy8K\" frameborder=\"0\" marginwidth=\"0\" marginheight=\"0\" scrolling=\"no\" class=\"wp-embedded-content\"><\/iframe><script type=\"text\/javascript\">\n\/* <![CDATA[ *\/\n\/*! This file is auto-generated *\/\n!function(d,l){\"use strict\";l.querySelector&&d.addEventListener&&\"undefined\"!=typeof URL&&(d.wp=d.wp||{},d.wp.receiveEmbedMessage||(d.wp.receiveEmbedMessage=function(e){var t=e.data;if((t||t.secret||t.message||t.value)&&!\/[^a-zA-Z0-9]\/.test(t.secret)){for(var s,r,n,a=l.querySelectorAll('iframe[data-secret=\"'+t.secret+'\"]'),o=l.querySelectorAll('blockquote[data-secret=\"'+t.secret+'\"]'),c=new RegExp(\"^https?:$\",\"i\"),i=0;i<o.length;i++)o[i].style.display=\"none\";for(i=0;i<a.length;i++)s=a[i],e.source===s.contentWindow&&(s.removeAttribute(\"style\"),\"height\"===t.message?(1e3<(r=parseInt(t.value,10))?r=1e3:~~r<200&&(r=200),s.height=r):\"link\"===t.message&&(r=new URL(s.getAttribute(\"src\")),n=new URL(t.value),c.test(n.protocol))&&n.host===r.host&&l.activeElement===s&&(d.top.location.href=t.value))}},d.addEventListener(\"message\",d.wp.receiveEmbedMessage,!1),l.addEventListener(\"DOMContentLoaded\",function(){for(var e,t,s=l.querySelectorAll(\"iframe.wp-embedded-content\"),r=0;r<s.length;r++)(t=(e=s[r]).getAttribute(\"data-secret\"))||(t=Math.random().toString(36).substring(2,12),e.src+=\"#?secret=\"+t,e.setAttribute(\"data-secret\",t)),e.contentWindow.postMessage({message:\"ready\",secret:t},\"*\")},!1)))}(window,document);\n\/\/# sourceURL=https:\/\/srfb.be\/wp-includes\/js\/wp-embed.min.js\n\/* ]]> *\/\n<\/script>","thumbnail_url":"https:\/\/kbbm.be\/wp-content\/uploads\/2020\/03\/photographier-la-en-for\u00eat-scaled.jpg","thumbnail_width":1144,"thumbnail_height":1700,"description":"Initiation \u00e0 la prise de vue - M\u00e9thodes et guide pratique Photographier la for\u00eat est \u00e0 la fois simple et difficile. Les sujets y sont vari\u00e9s, mais beaucoup d\u2019entre eux n\u00e9cessitent une approche photographique particuli\u00e8rement adapt\u00e9e. Cet ouvrage propose donc d\u2019initier \u00e0 la prise de vue en for\u00eat, d\u2019aider les personnes s\u2019int\u00e9ressant aux sujets forestiers \u00e0 am\u00e9liorer leurs pratiques. 16 x 24 cm, 272 pages"}