{"id":10654,"date":"2020-03-19T14:57:43","date_gmt":"2020-03-19T13:57:43","guid":{"rendered":"https:\/\/new.srfb.be\/?post_type=product&#038;p=10654"},"modified":"2025-06-08T21:25:47","modified_gmt":"2025-06-08T19:25:47","slug":"les-noyers-a-bois","status":"publish","type":"product","link":"https:\/\/srfb.be\/de\/forest-shop\/les-noyers-a-bois\/","title":{"rendered":"Die Walnussb\u00e4ume"},"content":{"rendered":"","protected":false},"excerpt":{"rendered":"<p>Dieser Ratgeber enth\u00e4lt praktische Tipps und aktuelle Informationen \u00fcber Nussb\u00e4ume. Diese Baumart geh\u00f6rt zu den wertvollsten B\u00e4umen, deren Holz sehr begehrt ist. Auf den besten Standorten w\u00e4chst der Walnussbaum genauso schnell wie Nadelb\u00e4ume.<\/p>\n<p>24 x 16 cm, 144 Seiten<\/p>\n<p>&nbsp;<\/p>","protected":false},"featured_media":10655,"comment_status":"open","ping_status":"closed","template":"","meta":{"iawp_total_views":84},"product_brand":[],"product_cat":[314],"product_tag":[],"class_list":{"0":"post-10654","1":"product","2":"type-product","3":"status-publish","4":"has-post-thumbnail","6":"product_cat-sylviculture","8":"first","9":"outofstock","10":"shipping-taxable","11":"purchasable","12":"product-type-simple"},"yoast_head":"<!-- This site is optimized with the Yoast SEO plugin v27.5 - https:\/\/yoast.com\/product\/yoast-seo-wordpress\/ -->\n<title>Les noyers \u00e0 bois - Soci\u00e9t\u00e9 Royale Foresti\u00e8re de Belgique<\/title>\n<meta name=\"robots\" content=\"index, follow, max-snippet:-1, max-image-preview:large, max-video-preview:-1\" \/>\n<link rel=\"canonical\" href=\"https:\/\/srfb.be\/de\/forest-shop\/les-noyers-a-bois\/\" \/>\n<meta property=\"og:locale\" content=\"de_DE\" \/>\n<meta property=\"og:type\" content=\"article\" \/>\n<meta property=\"og:title\" content=\"Les noyers \u00e0 bois - Soci\u00e9t\u00e9 Royale Foresti\u00e8re de Belgique\" \/>\n<meta property=\"og:description\" content=\"Ce guide contient des conseils pratiques et les informations les plus r\u00e9-centes sur les noyers. Cette essence fait partie des arbres de grande valeur dont le bois est tr\u00e8s recherch\u00e9. Sur les meilleures stations, le noyer a une croissance \u00e9quivalente aux r\u00e9sineux.  24 x 16 cm, 144 pages  &nbsp;\" \/>\n<meta property=\"og:url\" content=\"https:\/\/srfb.be\/de\/forest-shop\/les-noyers-a-bois\/\" \/>\n<meta property=\"og:site_name\" content=\"Soci\u00e9t\u00e9 Royale Foresti\u00e8re de Belgique\" \/>\n<meta property=\"article:publisher\" content=\"https:\/\/www.facebook.com\/srfb.be\" \/>\n<meta property=\"article:modified_time\" content=\"2025-06-08T19:25:47+00:00\" \/>\n<meta property=\"og:image\" content=\"https:\/\/srfb.be\/wp-content\/uploads\/2020\/03\/les-noyes-\u00e0-bois.jpg\" \/>\n\t<meta property=\"og:image:width\" content=\"688\" \/>\n\t<meta property=\"og:image:height\" content=\"1281\" \/>\n\t<meta property=\"og:image:type\" content=\"image\/jpeg\" \/>\n<script type=\"application\/ld+json\" class=\"yoast-schema-graph\">{\"@context\":\"https:\\\/\\\/schema.org\",\"@graph\":[{\"@type\":\"WebPage\",\"@id\":\"https:\\\/\\\/srfb.be\\\/forest-shop\\\/les-noyers-a-bois\\\/\",\"url\":\"https:\\\/\\\/srfb.be\\\/forest-shop\\\/les-noyers-a-bois\\\/\",\"name\":\"Les noyers \u00e0 bois - Soci\u00e9t\u00e9 Royale Foresti\u00e8re de Belgique\",\"isPartOf\":{\"@id\":\"https:\\\/\\\/srfb.be\\\/#website\"},\"primaryImageOfPage\":{\"@id\":\"https:\\\/\\\/srfb.be\\\/forest-shop\\\/les-noyers-a-bois\\\/#primaryimage\"},\"image\":{\"@id\":\"https:\\\/\\\/srfb.be\\\/forest-shop\\\/les-noyers-a-bois\\\/#primaryimage\"},\"thumbnailUrl\":\"https:\\\/\\\/srfb.be\\\/wp-content\\\/uploads\\\/2020\\\/03\\\/les-noyes-\u00e0-bois.jpg\",\"datePublished\":\"2020-03-19T13:57:43+00:00\",\"dateModified\":\"2025-06-08T19:25:47+00:00\",\"breadcrumb\":{\"@id\":\"https:\\\/\\\/srfb.be\\\/forest-shop\\\/les-noyers-a-bois\\\/#breadcrumb\"},\"inLanguage\":\"de\",\"potentialAction\":[{\"@type\":\"ReadAction\",\"target\":[\"https:\\\/\\\/srfb.be\\\/forest-shop\\\/les-noyers-a-bois\\\/\"]}]},{\"@type\":\"ImageObject\",\"inLanguage\":\"de\",\"@id\":\"https:\\\/\\\/srfb.be\\\/forest-shop\\\/les-noyers-a-bois\\\/#primaryimage\",\"url\":\"https:\\\/\\\/srfb.be\\\/wp-content\\\/uploads\\\/2020\\\/03\\\/les-noyes-\u00e0-bois.jpg\",\"contentUrl\":\"https:\\\/\\\/srfb.be\\\/wp-content\\\/uploads\\\/2020\\\/03\\\/les-noyes-\u00e0-bois.jpg\",\"width\":688,\"height\":1281},{\"@type\":\"BreadcrumbList\",\"@id\":\"https:\\\/\\\/srfb.be\\\/forest-shop\\\/les-noyers-a-bois\\\/#breadcrumb\",\"itemListElement\":[{\"@type\":\"ListItem\",\"position\":1,\"name\":\"Accueil\",\"item\":\"https:\\\/\\\/srfb.be\\\/\"},{\"@type\":\"ListItem\",\"position\":2,\"name\":\"Produkte\",\"item\":\"https:\\\/\\\/srfb.be\\\/de\\\/shop\\\/\"},{\"@type\":\"ListItem\",\"position\":3,\"name\":\"Les noyers \u00e0 bois\"}]},{\"@type\":\"WebSite\",\"@id\":\"https:\\\/\\\/srfb.be\\\/#website\",\"url\":\"https:\\\/\\\/srfb.be\\\/\",\"name\":\"Soci\u00e9t\u00e9 Royale Foresti\u00e8re de Belgique\",\"description\":\"Au service de la for\u00eat et des forestiers\",\"publisher\":{\"@id\":\"https:\\\/\\\/srfb.be\\\/#organization\"},\"alternateName\":\"SRFB-KBBM\",\"potentialAction\":[{\"@type\":\"SearchAction\",\"target\":{\"@type\":\"EntryPoint\",\"urlTemplate\":\"https:\\\/\\\/srfb.be\\\/?s={search_term_string}\"},\"query-input\":{\"@type\":\"PropertyValueSpecification\",\"valueRequired\":true,\"valueName\":\"search_term_string\"}}],\"inLanguage\":\"de\"},{\"@type\":\"Organization\",\"@id\":\"https:\\\/\\\/srfb.be\\\/#organization\",\"name\":\"Soci\u00e9t\u00e9 Royale Foresti\u00e8re De Belgique - Koninklijke Belgische Bosbouwmaatschappij\",\"alternateName\":\"SRFB-KBBM\",\"url\":\"https:\\\/\\\/srfb.be\\\/\",\"logo\":{\"@type\":\"ImageObject\",\"inLanguage\":\"de\",\"@id\":\"https:\\\/\\\/srfb.be\\\/#\\\/schema\\\/logo\\\/image\\\/\",\"url\":\"https:\\\/\\\/srfb.be\\\/wp-content\\\/uploads\\\/2019\\\/06\\\/android-chrome-256x256.png\",\"contentUrl\":\"https:\\\/\\\/srfb.be\\\/wp-content\\\/uploads\\\/2019\\\/06\\\/android-chrome-256x256.png\",\"width\":1200,\"height\":1232,\"caption\":\"Soci\u00e9t\u00e9 Royale Foresti\u00e8re De Belgique - Koninklijke Belgische Bosbouwmaatschappij\"},\"image\":{\"@id\":\"https:\\\/\\\/srfb.be\\\/#\\\/schema\\\/logo\\\/image\\\/\"},\"sameAs\":[\"https:\\\/\\\/www.facebook.com\\\/srfb.be\",\"https:\\\/\\\/www.instagram.com\\\/srfb_kbbm\\\/\",\"https:\\\/\\\/www.linkedin.com\\\/company\\\/srfb-kbbm\\\/\",\"https:\\\/\\\/www.youtube.com\\\/user\\\/srfbkbbm\"]}]}<\/script>\n<!-- \/ Yoast SEO plugin. -->","yoast_head_json":{"title":"Walnussb\u00e4ume mit Holz - K\u00f6niglich Belgische Forstgesellschaft","robots":{"index":"index","follow":"follow","max-snippet":"max-snippet:-1","max-image-preview":"max-image-preview:large","max-video-preview":"max-video-preview:-1"},"canonical":"https:\/\/srfb.be\/de\/forest-shop\/les-noyers-a-bois\/","og_locale":"de_DE","og_type":"article","og_title":"Les noyers \u00e0 bois - Soci\u00e9t\u00e9 Royale Foresti\u00e8re de Belgique","og_description":"Ce guide contient des conseils pratiques et les informations les plus r\u00e9-centes sur les noyers. Cette essence fait partie des arbres de grande valeur dont le bois est tr\u00e8s recherch\u00e9. Sur les meilleures stations, le noyer a une croissance \u00e9quivalente aux r\u00e9sineux.  24 x 16 cm, 144 pages  &nbsp;","og_url":"https:\/\/srfb.be\/de\/forest-shop\/les-noyers-a-bois\/","og_site_name":"Soci\u00e9t\u00e9 Royale Foresti\u00e8re de Belgique","article_publisher":"https:\/\/www.facebook.com\/srfb.be","article_modified_time":"2025-06-08T19:25:47+00:00","og_image":[{"width":688,"height":1281,"url":"https:\/\/srfb.be\/wp-content\/uploads\/2020\/03\/les-noyes-\u00e0-bois.jpg","type":"image\/jpeg"}],"schema":{"@context":"https:\/\/schema.org","@graph":[{"@type":"WebPage","@id":"https:\/\/srfb.be\/forest-shop\/les-noyers-a-bois\/","url":"https:\/\/srfb.be\/forest-shop\/les-noyers-a-bois\/","name":"Walnussb\u00e4ume mit Holz - K\u00f6niglich Belgische Forstgesellschaft","isPartOf":{"@id":"https:\/\/srfb.be\/#website"},"primaryImageOfPage":{"@id":"https:\/\/srfb.be\/forest-shop\/les-noyers-a-bois\/#primaryimage"},"image":{"@id":"https:\/\/srfb.be\/forest-shop\/les-noyers-a-bois\/#primaryimage"},"thumbnailUrl":"https:\/\/srfb.be\/wp-content\/uploads\/2020\/03\/les-noyes-\u00e0-bois.jpg","datePublished":"2020-03-19T13:57:43+00:00","dateModified":"2025-06-08T19:25:47+00:00","breadcrumb":{"@id":"https:\/\/srfb.be\/forest-shop\/les-noyers-a-bois\/#breadcrumb"},"inLanguage":"de","potentialAction":[{"@type":"ReadAction","target":["https:\/\/srfb.be\/forest-shop\/les-noyers-a-bois\/"]}]},{"@type":"ImageObject","inLanguage":"de","@id":"https:\/\/srfb.be\/forest-shop\/les-noyers-a-bois\/#primaryimage","url":"https:\/\/srfb.be\/wp-content\/uploads\/2020\/03\/les-noyes-\u00e0-bois.jpg","contentUrl":"https:\/\/srfb.be\/wp-content\/uploads\/2020\/03\/les-noyes-\u00e0-bois.jpg","width":688,"height":1281},{"@type":"BreadcrumbList","@id":"https:\/\/srfb.be\/forest-shop\/les-noyers-a-bois\/#breadcrumb","itemListElement":[{"@type":"ListItem","position":1,"name":"Accueil","item":"https:\/\/srfb.be\/"},{"@type":"ListItem","position":2,"name":"Produkte","item":"https:\/\/srfb.be\/de\/shop\/"},{"@type":"ListItem","position":3,"name":"Les noyers \u00e0 bois"}]},{"@type":"WebSite","@id":"https:\/\/srfb.be\/#website","url":"https:\/\/srfb.be\/","name":"K\u00f6nigliche Forstverein Belgiens","description":"Im Dienste des Waldes und der F\u00f6rster","publisher":{"@id":"https:\/\/srfb.be\/#organization"},"alternateName":"SRFB-KBBM","potentialAction":[{"@type":"SearchAction","target":{"@type":"EntryPoint","urlTemplate":"https:\/\/srfb.be\/?s={search_term_string}"},"query-input":{"@type":"PropertyValueSpecification","valueRequired":true,"valueName":"search_term_string"}}],"inLanguage":"de"},{"@type":"Organization","@id":"https:\/\/srfb.be\/#organization","name":"Soci\u00e9t\u00e9 Royale Foresti\u00e8re De Belgique - Koninklijke Belgische Bosbouwmaatschappij","alternateName":"SRFB-KBBM","url":"https:\/\/srfb.be\/","logo":{"@type":"ImageObject","inLanguage":"de","@id":"https:\/\/srfb.be\/#\/schema\/logo\/image\/","url":"https:\/\/srfb.be\/wp-content\/uploads\/2019\/06\/android-chrome-256x256.png","contentUrl":"https:\/\/srfb.be\/wp-content\/uploads\/2019\/06\/android-chrome-256x256.png","width":1200,"height":1232,"caption":"Soci\u00e9t\u00e9 Royale Foresti\u00e8re De Belgique - Koninklijke Belgische Bosbouwmaatschappij"},"image":{"@id":"https:\/\/srfb.be\/#\/schema\/logo\/image\/"},"sameAs":["https:\/\/www.facebook.com\/srfb.be","https:\/\/www.instagram.com\/srfb_kbbm\/","https:\/\/www.linkedin.com\/company\/srfb-kbbm\/","https:\/\/www.youtube.com\/user\/srfbkbbm"]}]}},"_links":{"self":[{"href":"https:\/\/srfb.be\/de\/wp-json\/wp\/v2\/product\/10654","targetHints":{"allow":["GET"]}}],"collection":[{"href":"https:\/\/srfb.be\/de\/wp-json\/wp\/v2\/product"}],"about":[{"href":"https:\/\/srfb.be\/de\/wp-json\/wp\/v2\/types\/product"}],"replies":[{"embeddable":true,"href":"https:\/\/srfb.be\/de\/wp-json\/wp\/v2\/comments?post=10654"}],"wp:featuredmedia":[{"embeddable":true,"href":"https:\/\/srfb.be\/de\/wp-json\/wp\/v2\/media\/10655"}],"wp:attachment":[{"href":"https:\/\/srfb.be\/de\/wp-json\/wp\/v2\/media?parent=10654"}],"wp:term":[{"taxonomy":"product_brand","embeddable":true,"href":"https:\/\/srfb.be\/de\/wp-json\/wp\/v2\/product_brand?post=10654"},{"taxonomy":"product_cat","embeddable":true,"href":"https:\/\/srfb.be\/de\/wp-json\/wp\/v2\/product_cat?post=10654"},{"taxonomy":"product_tag","embeddable":true,"href":"https:\/\/srfb.be\/de\/wp-json\/wp\/v2\/product_tag?post=10654"}],"curies":[{"name":"wp","href":"https:\/\/api.w.org\/{rel}","templated":true}]}}