{"version":"1.0","provider_name":"K\u00f6nigliche Forstverein Belgiens","provider_url":"https:\/\/srfb.be\/de","author_name":"C\u00e9dric Staes","author_url":"https:\/\/srfb.be\/de\/author\/cedric-staessrfb-kbbm-be\/","title":"Les v\u00e9g\u00e9taux - Soci\u00e9t\u00e9 Royale Foresti\u00e8re de Belgique","type":"rich","width":600,"height":338,"html":"<blockquote class=\"wp-embedded-content\" data-secret=\"jIq8lH1Ega\"><a href=\"https:\/\/srfb.be\/de\/forest-shop\/les-vegetaux\/\">Die Pflanzen<\/a><\/blockquote><iframe sandbox=\"allow-scripts\" security=\"restricted\" src=\"https:\/\/srfb.be\/de\/forest-shop\/les-vegetaux\/embed\/#?secret=jIq8lH1Ega\" width=\"600\" height=\"338\" title=\"&#8222;Les v\u00e9g\u00e9taux&#8220; &#8211; Soci\u00e9t\u00e9 Royale Foresti\u00e8re de Belgique\" data-secret=\"jIq8lH1Ega\" frameborder=\"0\" marginwidth=\"0\" marginheight=\"0\" scrolling=\"no\" class=\"wp-embedded-content\"><\/iframe><script type=\"text\/javascript\">\n\/* <![CDATA[ *\/\n\/*! This file is auto-generated *\/\n!function(d,l){\"use strict\";l.querySelector&&d.addEventListener&&\"undefined\"!=typeof URL&&(d.wp=d.wp||{},d.wp.receiveEmbedMessage||(d.wp.receiveEmbedMessage=function(e){var t=e.data;if((t||t.secret||t.message||t.value)&&!\/[^a-zA-Z0-9]\/.test(t.secret)){for(var s,r,n,a=l.querySelectorAll('iframe[data-secret=\"'+t.secret+'\"]'),o=l.querySelectorAll('blockquote[data-secret=\"'+t.secret+'\"]'),c=new RegExp(\"^https?:$\",\"i\"),i=0;i<o.length;i++)o[i].style.display=\"none\";for(i=0;i<a.length;i++)s=a[i],e.source===s.contentWindow&&(s.removeAttribute(\"style\"),\"height\"===t.message?(1e3<(r=parseInt(t.value,10))?r=1e3:~~r<200&&(r=200),s.height=r):\"link\"===t.message&&(r=new URL(s.getAttribute(\"src\")),n=new URL(t.value),c.test(n.protocol))&&n.host===r.host&&l.activeElement===s&&(d.top.location.href=t.value))}},d.addEventListener(\"message\",d.wp.receiveEmbedMessage,!1),l.addEventListener(\"DOMContentLoaded\",function(){for(var e,t,s=l.querySelectorAll(\"iframe.wp-embedded-content\"),r=0;r<s.length;r++)(t=(e=s[r]).getAttribute(\"data-secret\"))||(t=Math.random().toString(36).substring(2,12),e.src+=\"#?secret=\"+t,e.setAttribute(\"data-secret\",t)),e.contentWindow.postMessage({message:\"ready\",secret:t},\"*\")},!1)))}(window,document);\n\/\/# sourceURL=https:\/\/srfb.be\/wp-includes\/js\/wp-embed.min.js\n\/* ]]> *\/\n<\/script>","thumbnail_url":"https:\/\/srfb.be\/wp-content\/uploads\/2020\/03\/les-vegetaux-evolution-scaled.jpg","thumbnail_width":1824,"thumbnail_height":2560,"description":"\u00c9volution, d\u00e9veloppement et reproduction Cet ouvrage donne, sous une forme tr\u00e8s condens\u00e9e et abondamment illustr\u00e9e, la plupart des notions fondamentales en physiologie v\u00e9g\u00e9tale. Il retrace les grandes lignes de l\u2019\u00e9volution des v\u00e9g\u00e9taux puis aborde diff\u00e9rents aspects de la biologie v\u00e9g\u00e9tale descriptive, de la cellule v\u00e9g\u00e9tale \u00e0 l\u2019architecture d\u2019une plante \u00e0 fleurs et de la photosynth\u00e8se \u00e0 la reproduction des v\u00e9g\u00e9taux. 17 x 24 cm, 64 pages"}