{"version":"1.0","provider_name":"K\u00f6nigliche Forstverein Belgiens","provider_url":"https:\/\/srfb.be\/de","author_name":"C\u00e9dric Staes","author_url":"https:\/\/srfb.be\/de\/author\/cedric-staessrfb-kbbm-be\/","title":"Exc\u00e9dent de production de plants cherche propri\u00e9taires forestiers - Soci\u00e9t\u00e9 Royale Foresti\u00e8re de Belgique","type":"rich","width":600,"height":338,"html":"<blockquote class=\"wp-embedded-content\" data-secret=\"ruevHGXyIM\"><a href=\"https:\/\/srfb.be\/de\/2019\/07\/01\/excedent_pepiniere_arboretums\/\">Produktions\u00fcberschu\u00df an Setzlingen suche Waldbesitzer<\/a><\/blockquote><iframe sandbox=\"allow-scripts\" security=\"restricted\" src=\"https:\/\/srfb.be\/de\/2019\/07\/01\/excedent_pepiniere_arboretums\/embed\/#?secret=ruevHGXyIM\" width=\"600\" height=\"338\" title=\"&#8222;Exc\u00e9dent de production de plants cherche propri\u00e9taires forestiers&#8220; &#8211; Soci\u00e9t\u00e9 Royale Foresti\u00e8re de Belgique\" data-secret=\"ruevHGXyIM\" frameborder=\"0\" marginwidth=\"0\" marginheight=\"0\" scrolling=\"no\" class=\"wp-embedded-content\"><\/iframe><script type=\"text\/javascript\">\n\/* <![CDATA[ *\/\n\/*! This file is auto-generated *\/\n!function(d,l){\"use strict\";l.querySelector&&d.addEventListener&&\"undefined\"!=typeof URL&&(d.wp=d.wp||{},d.wp.receiveEmbedMessage||(d.wp.receiveEmbedMessage=function(e){var t=e.data;if((t||t.secret||t.message||t.value)&&!\/[^a-zA-Z0-9]\/.test(t.secret)){for(var s,r,n,a=l.querySelectorAll('iframe[data-secret=\"'+t.secret+'\"]'),o=l.querySelectorAll('blockquote[data-secret=\"'+t.secret+'\"]'),c=new RegExp(\"^https?:$\",\"i\"),i=0;i<o.length;i++)o[i].style.display=\"none\";for(i=0;i<a.length;i++)s=a[i],e.source===s.contentWindow&&(s.removeAttribute(\"style\"),\"height\"===t.message?(1e3<(r=parseInt(t.value,10))?r=1e3:~~r<200&&(r=200),s.height=r):\"link\"===t.message&&(r=new URL(s.getAttribute(\"src\")),n=new URL(t.value),c.test(n.protocol))&&n.host===r.host&&l.activeElement===s&&(d.top.location.href=t.value))}},d.addEventListener(\"message\",d.wp.receiveEmbedMessage,!1),l.addEventListener(\"DOMContentLoaded\",function(){for(var e,t,s=l.querySelectorAll(\"iframe.wp-embedded-content\"),r=0;r<s.length;r++)(t=(e=s[r]).getAttribute(\"data-secret\"))||(t=Math.random().toString(36).substring(2,12),e.src+=\"#?secret=\"+t,e.setAttribute(\"data-secret\",t)),e.contentWindow.postMessage({message:\"ready\",secret:t},\"*\")},!1)))}(window,document);\n\/\/# sourceURL=https:\/\/srfb.be\/wp-includes\/js\/wp-embed.min.js\n\/* ]]> *\/\n<\/script>","thumbnail_url":"https:\/\/srfb.be\/wp-content\/uploads\/2019\/07\/PINUS-SYLVESTRIS-AGES-DE-3-SEMAINES-\u00a9-Robin-P\u00e9pini\u00e8res.jpg","thumbnail_width":1200,"thumbnail_height":1600,"description":"Dans le cadre de notre projet Arboretums, les p\u00e9pini\u00e9ristes chez qui nous faisons cro\u00eetre les plants pour le projet nous ont fait part d\u2019un exc\u00e9dent de production qu\u2019ils proposent de mettre en vente pour les propri\u00e9taires d\u00e9sireux de mettre en place par eux-m\u00eames des essais sur leurs parcelles.Si vous \u00eates int\u00e9ress\u00e9(e), n&rsquo;h\u00e9sitez pas \u00e0 prendre... Read More"}